{"id":44,"date":"2014-04-22T17:05:10","date_gmt":"2014-04-22T17:05:10","guid":{"rendered":"http:\/\/www.smartcentre.cat\/?page_id=44"},"modified":"2026-03-04T16:51:05","modified_gmt":"2026-03-04T16:51:05","slug":"activitats-2","status":"publish","type":"page","link":"http:\/\/www.smartcentre.cat\/?page_id=44","title":{"rendered":""},"content":{"rendered":"<h1><strong>T&#8217;OFERIM:<\/strong><\/h1>\n<h2><\/h2>\n<h2><strong><span style=\"color: #00ff00;\">ACTIVITATS INFANTILS I JUVENILS<\/span><\/strong><\/h2>\n<p><strong>ACTIVITATS EXTRAESCOLARS D\u2019INFORM\u00c0TICA I ROB\u00d2TICA<\/strong><\/p>\n<p>En col\u00b7laboraci\u00f3 amb l\u2019AFA de l\u2019Escola Jaume Balmes de Santa B\u00e0rbara, realitzem, com a activitat extraescolar, classes d\u2019inform\u00e0tica, on els alumnes de l\u2019escola hi poden participar per iniciar-se en l\u2019aprenentatge i el bon \u00fas de les noves tecnologies. L\u2019activitat es porta a terme a l\u2019aula de formaci\u00f3 de l\u2019Smartcentre de dimarts a dijous de 12.30 a 13.30 hores durant tot el curs escolar. Tamb\u00e9 fem l\u2019activitat de rob\u00f2tica per fomentar i treballar amb conceptes tecnol\u00f2gics i ampliar els coneixements TIC dels m\u00e9s petits, aquesta activitat es realitza a l\u2019aula de formaci\u00f3, dimarts i dijous de 16.30 a 17.30 hores.<\/p>\n<p>&nbsp;<\/p>\n<p><strong>BEBETECA<\/strong><\/p>\n<p>El primer dijous de cada mes, a les 17.30 hores, destinat a nadons de 0 a 2 anys i a les seves fam\u00edlies, es realitza la bebeteca, un espai adequat per desenvolupar i estimular diferents h\u00e0bits entre els m\u00e9s petits. Es comparteixen activitats d\u2019animaci\u00f3 a la lectura, contes, jocs de falda, tallers sensorials, etc. que fan que amb diferents activitats els m\u00e9s petits entren en el m\u00f3n dels llibres i la lectura.<\/p>\n<p>&nbsp;<\/p>\n<p><strong>CONTACONTES<\/strong><\/p>\n<p>El tercer dijous de cada mes, a les 17 hores i per a nens i nenes de 3 a 8 anys es realitza el contacontes. La din\u00e0mica de l\u2019activitat \u00e9s la seg\u00fcent: primer els infants escolten un conte teatralitzat i orientat a estimular la lectura, la creativitat i el vincle afectiu, i tot seguit, realitzen una activitat relacionada amb el conte explicat, passant una bona estona entre jocs i llibres.<\/p>\n<p>&nbsp;<\/p>\n<p><strong>LLEGIM I XALEM<\/strong><\/p>\n<p>Tots els dijous de 12.30 a 13.30 hores i com a continu\u00eftat de l\u2019any anterior, per a nens i nenes des de 3r fins a 4t de prim\u00e0ria. L\u2019activitat es divideix en dos parts, la primera part consisteix en qu\u00e8 cada participant llegeix en veu alta un fragment del llibre o document escollit, aix\u00f2 fa que es vagi perdent vergonya i millori la capacitat lectora, a m\u00e9s de con\u00e8ixer i explorar nous llibres, alguns desconeguts per a ells. I, com no tot \u00e9s llegir, la segona part de l\u2019activitat es dedica a fer jocs, de paraules, d\u2019invenci\u00f3, d\u2019habilitat, etc.<\/p>\n<p>&nbsp;<\/p>\n<p><strong>LLEGIM JUNTS<\/strong><\/p>\n<p>Cada dimecres de 12.30 a 13.30 hores es fa aquesta activitat per a nens i nenes de 1r i 2n de prim\u00e0ria, amb la finalitat de promoure el gust per la lectura i amb els objectius de compartir i ampliar l\u2019experi\u00e8ncia per la lectura, realitzar comprensi\u00f3 lectora, donar a con\u00e8ixer contes nous, desenvolupar l\u2019expressi\u00f3 oral i fomentar la creativitat, a trav\u00e9s de jocs i llibres que faran entrar als assistents en un m\u00f3n m\u00e0gic.<\/p>\n<p>&nbsp;<\/p>\n<p><strong>LLEGIM MILLOR<\/strong><\/p>\n<p>Cada dimarts de 12.30 a 13.30 hores es fa aquesta activitat per a nens i nenes de 5\u00e8 i 6\u00e8 de prim\u00e0ria, el principal objectiu amb aquesta activitat \u00e9s aconseguir que l&#8217;h\u00e0bit per la lectura els acompanyi per sempre m\u00e9s. En aquest grup podem augmentar la dificultat de les lectures i aprofundir en m\u00e9s aspectes de comprensi\u00f3 i continguts, sempre d&#8217;una manera divertida i amena.<\/p>\n<p>&nbsp;<\/p>\n<p><strong>TALLER DE MANUALITATS<\/strong><\/p>\n<p>El quart dijous de cada mes, es realitza aquest activitat infantil amb l\u2019objectiu d\u2019expressar la creativitat i habilitat manual que tenen els participants que assisteixen. Cada mes es realitza una manualitat diferent, en la majoria d\u2019ocasions tenint en compte les festivitats tradicionals i locals del mes que es realitza i canviant de t\u00e8cniques i estructures per tal de fer m\u00e9s atractiva l\u2019activitat.<\/p>\n<p><strong>\u00a0<\/strong><\/p>\n<p><strong>JOCS DE TAULA<\/strong><\/p>\n<p>El segon dijous de cada mes de 17 a 19 hores, l\u2019Smartcentre us proposa una forma alternativa de jugar i passar-ho b\u00e9. Els jocs de taula s\u00f3n una forma entretinguda de passar la tarda i desconnectar del m\u00f3n digital, sense perdre\u2019n res de diversi\u00f3. Risk, Monopoly, Parx\u00eds, Connecta, Domino,\u2026 tot un ampli ventall de jocs per a totes les edats. Vine i juga amb nosaltres!<\/p>\n<p>&nbsp;<\/p>\n<p><strong>BIBLIOCURSA<\/strong><\/p>\n<p>Durant els mesos d\u2019octubre, novembre i desembre, es realitza una cursa lectora per als usuaris de l\u2019aula infantil i juvenil de l\u2019Smartcentre. L\u2019activitat consisteix en qu\u00e8 cada participant t\u00e9 una fitxa de concursant amb 10 caselles que ha de completar realitzant les activitats referents als llibres que va llegint. Quan es completen les 10 caselles, es dona per finalitzada la bibliocursa. Finalment, i un cop acabat el per\u00edode de realitzaci\u00f3 de la cursa, es fa l\u2019entrega de diplomes i obsequis als participants que l\u2019han superat.<\/p>\n<p>&nbsp;<\/p>\n<p><strong>LLEGIM EN FAM\u00cdLIA<\/strong><br \/>\nUn cop al trimestre, els alumnes d\u2019I3 fins a 2n de prim\u00e0ria visiten l\u2019Smartcentre amb el tutor o la tutora de l\u2019escola i la seva classe. Aquesta visita especial compta amb la participaci\u00f3 dels familiars que poden tamb\u00e9 assistir. L\u2019activitat es divideix en dues parts:<br \/>\n1.Lectura en grup: Un professional de l\u2019Smartcentre llegeix un conte en veu alta per a tots els participants, fomentant la comprensi\u00f3 i el gaudi de la hist\u00f2ria.<br \/>\n2.Lectura en fam\u00edlia: Els infants es reuneixen amb els seus familiars per llegir junts un conte escollit, fomentant aix\u00ed la participaci\u00f3 i la interacci\u00f3 amb els llibres.<\/p>\n<p><strong>PADRINS LECTORS<\/strong><br \/>\nCada trimestre, els alumnes de 4t, 5\u00e8 i 6\u00e8 de prim\u00e0ria visiten els m\u00e9s petits d\u2019educaci\u00f3 infantil per fer de padrins lectors. Per fer l\u2019activitat, escullen un conte adaptat a l\u2019edat dels infants i el llegeixen en veu alta. En algunes sessions, la lectura es fa en castell\u00e0 per refor\u00e7ar la comprensi\u00f3 biling\u00fce dels infants. Aquesta experi\u00e8ncia permet als m\u00e9s grans millorar la seva flu\u00efdesa lectora i habilitats comunicatives, mentre que els m\u00e9s petits descobreixen el plaer d\u2019escoltar hist\u00f2ries narrades de manera propera.<\/p>\n<p>&nbsp;<\/p>\n<p><strong>DIADA DE SANT JORDI<\/strong><br \/>\nLa Diada de Sant Jordi connecta l\u2019Smartcentre, l\u2019Institut les Planes i l\u2019Escola Jaume Balmes. Durant el mat\u00ed, es duen a terme diverses activitats obertes a tota la poblaci\u00f3 per celebrar la diada de Sant Jordi, amb la lectura de poemes: Els alumnes de 3r d\u2019ESO i 6\u00e8 de Prim\u00e0ria reciten poemes o textos breus d\u2019un escriptor catal\u00e0 i es pot tenir en compte les commemoracions anuals d\u2019autors.<br \/>\nAquesta activitat es realitza a la pla\u00e7a del poble on hi ha diferents paradetes de llibres, roses, etc. i on pot assistir tothom que ho vulgui.<br \/>\nPosteriorment a la lectura de textos, es realitza una representaci\u00f3 teatral sobre la llegenda de Sant Jordi<br \/>\nTamb\u00e9, durant tot el dia, totes les persones que visiten l\u2019Smartcentre reben un obsequi en forma de llibre o similar. Aquest gest simbolitzar\u00e0 el comprom\u00eds de l\u2019Smartcentre amb la promoci\u00f3 de la lectura i convertir\u00e0 el Sant Jordi en un dia molt especial per a la comunitat.<\/p>\n<p><strong>ESCUT DE SANT JORDI<\/strong><br \/>\nAquesta activitat permet apropar la llegenda de Sant Jordi als infants de manera din\u00e0mica i participativa. A principis d\u2019abril, els participants poden recollir un escut de Sant Jordi a l\u2019Smartcentre i completar diferents activitats creatives relacionades amb la hist\u00f2ria.<br \/>\nCada activitat realitzada permet als infants aconseguir un adhesiu tem\u00e0tic (rosa, princesa, drac i Sant Jordi), que s\u2019enganxa a l\u2019escut, de manera que tots els participants que completen l\u2019escut reben un obsequi per haver-lo completat. Tamb\u00e9 els treballs realitzats s\u2019exposen el dia de Sant Jordi.<\/p>\n<p>&nbsp;<\/p>\n<p><strong>SUPERNIT A LES BIBLIOTEQUES<\/strong><br \/>\nLa Supernit a les biblioteques \u00e9s una activitat l\u00fadica i educativa organitzada conjuntament amb el Club Super3 i el Servei de Biblioteques de la Generalitat de Catalunya, on els infants viuen una experi\u00e8ncia \u00fanica dins la biblioteca. A trav\u00e9s d\u2019un programa especial d\u2019activitats es fomenta la imaginaci\u00f3 i la passi\u00f3 pels llibres mitjan\u00e7ant din\u00e0miques interactives i tem\u00e0tiques inspirades en l\u2019univers del Super3.<br \/>\nL\u2019activitat inclou una benvinguda especial, jocs i proves tem\u00e0tiques, la projecci\u00f3 d\u2019un missatge dels personatges del Super3, i la lectura d\u2019un conte animat. Els infants podran gaudir d\u2019una vetllada plena de sorpreses i participaci\u00f3 activa.<\/p>\n<p>&nbsp;<\/p>\n<h2><span style=\"color: #00ff00;\"><strong>ACTIVITATS ADULTS<\/strong><\/span><\/h2>\n<p><strong>LA NOSTRA HIST\u00d2RIA PLANERA<\/strong><\/p>\n<p>El primer dilluns de cada mes, a les 11 hores, destinat a la poblaci\u00f3 adulta, a trav\u00e9s de testimonis, viv\u00e8ncies, records, experi\u00e8ncies i hist\u00f2ries de vida, s\u2019originen converses sobre la hist\u00f2ria del nostre municipi que donen a con\u00e8ixer, mitjan\u00e7ant la mem\u00f2ria oral, aquell passat en qu\u00e8 els testimonis directes encara ens poden explicar les seves viv\u00e8ncies.<\/p>\n<p><strong>\u00a0<\/strong><\/p>\n<p><strong>TERT\u00daLIES D\u2019AUTOR\/A<\/strong><\/p>\n<p>El primer dimarts de cada mes, a les 17 hores, destinat a la poblaci\u00f3 adulta, es realitza aquesta activitat que combina la lectura amb la pr\u00e0ctica de la conversa. Cada mes un autor o autora diferents ens visitar\u00e0 i ens convidar\u00e0 a tenir converses i debats de temes diferents. Tamb\u00e9 ens parlar\u00e0 de les seves obres si \u00e9s el cas i es llegiran fragments de textos per enriquir encara m\u00e9s la tert\u00falia.<\/p>\n<p>&nbsp;<\/p>\n<p><strong>LLEGIR TEATRE<\/strong><\/p>\n<p>El segon dimarts de cada mes, a les 17 hores, es porta a terme el club de lectura mensual &#8220;Llegir teatre&#8221;, que cada mes est\u00e0 dedicat a un text de la programaci\u00f3 del Teatre Nacional de Catalunya. El club funciona d\u2019octubre a maig.<\/p>\n<p><strong>\u00a0<\/strong><\/p>\n<p><strong>LLEGIM I PARLEM<\/strong><\/p>\n<p>El tercer dimarts de cada mes, a les 17 hores, els assistents comparteixen lectures mentre debaten sobre diferents temes que sorgeixen.<\/p>\n<p>Llegir en p\u00fablic els escrits de cadasc\u00fa \u00e9s crucial per compartir la veu creativa, connectar i rebre retroalimentaci\u00f3 directa. En resum, la lectura en p\u00fablic dona vida als escrits de cadasc\u00fa i fortifica la pres\u00e8ncia en la comunitat liter\u00e0ria.<\/p>\n<p>&nbsp;<\/p>\n<p><strong>TALLER DE MEM\u00d2RIA<\/strong><\/p>\n<p>Tots els dilluns de 17.30 a 18.30 hores, destinat a la poblaci\u00f3 adulta, es realitza un taller de mem\u00f2ria que t\u00e9 com a finalitat la prevenci\u00f3 de la p\u00e8rdua de la mem\u00f2ria i del deteriorament cognitiu, aix\u00ed com la millora de l\u2019autonomia de les persones adultes i grans. Els participants treballen en equip l\u2019actitud mental que s\u2019ha d\u2019adoptar perqu\u00e8 s\u2019activin els mecanismes de la mem\u00f2ria.<\/p>\n<p>&nbsp;<\/p>\n<p><strong>CLUB DE LECTURA<\/strong><\/p>\n<p>L\u2019\u00faltim dimarts de cada mes, a les 17 hores, persones que estimem la lectura i els llibres ens reunim per posar en com\u00fa, dialogar i conversar sobre q\u00fcestions relacionades amb els llibres que llegim al club i exposar les idees, reflexions i opinions sobre els llibres llegits. El club de lectura, destinat a la poblaci\u00f3 adulta en general, est\u00e0 obert a tothom i la participaci\u00f3 \u00e9s lliure i gratu\u00efta.<\/p>\n<p>&nbsp;<\/p>\n<p><strong>CONVERSES EN ANGL\u00c8S<\/strong><\/p>\n<p>El tercer dimecres de cada mes, de 18 a 19 hores, realitzem l\u2019activitat de converses en angl\u00e8s per practicar i millorar els coneixements de la llengua anglesa. Aquesta activitat es realitza pr\u00e8via inscripci\u00f3, hi ha places limitades.<\/p>\n<p>&nbsp;<\/p>\n<p><strong>APR\u00c8N FRANC\u00c8S<\/strong><\/p>\n<p>Tots els dimecres a les 16.30 hores, es realitzen classes de franc\u00e8s per a persones que desitgin aprendre aquesta llengua. Els assistents poden aprendre i parlar al seu ritme, ja sigui per feina, per plaer o per tal de viatjar a Fran\u00e7a. Aquesta activitat es realitza pr\u00e8via inscripci\u00f3, hi ha places limitades.<\/p>\n<p>&nbsp;<\/p>\n<p><strong>REVETLLA DE SANT JORDI<\/strong><br \/>\nLa Revetlla de Sant Jordi se celebra el dia 22 d\u2019abril i \u00e9s una celebraci\u00f3 que exalta la passi\u00f3 per la lectura i la cultura mitjan\u00e7ant una programaci\u00f3 especial amb activitats culturals per a tothom. Impulsada pel Servei de Biblioteques del Departament de Cultura de la Generalitat de Catalunya, aquesta festivitat es converteix en una trobada \u00fanica que uneix llibres, roses i participaci\u00f3 ciutadana.<br \/>\nA l\u2019Smartcentre, la Revetlla t\u00e9 com a protagonistes els usuaris habituals dels diferents grups que hi participen anualment: el Club de Lectura, els grups d\u2019Inform\u00e0tica, Apr\u00e8n Franc\u00e8s, Taller de Mem\u00f2ria, Classes de Catal\u00e0, etc. Tots ells preparen activitats especials, amb una tem\u00e0tica diferent cada any, per compartir amb el p\u00fablic assistent.<\/p>\n<p>&nbsp;<\/p>\n<p><strong>XERRADES, EXPSOCICIONS I PRESENTACIONS<\/strong><\/p>\n<p>Durant l\u2019any, a l\u2019Smartcentre es realitzen xerrades, presentacions i tamb\u00e9 es poden visitar exposicions de diferents tem\u00e0tiques.<\/p>\n<p>L&#8217;Smartcentre \u00e9s el lloc ideal per portar a terme exposicions, xerrades i presentacions innovadores. Amb tecnologia punta i un entorn modern, proporciona un marc perfecte per interactuar i compartir coneixements. Aprofita les seves instal\u00b7lacions per aportar valor i inspiraci\u00f3 en cada esdeveniment.<\/p>\n<p>&nbsp;<\/p>\n<h2><span style=\"color: #00ff00;\"><strong>ACTIVITATS TIC<\/strong><\/span><\/h2>\n<p><strong>FORMACI\u00d3 TIC<\/strong><\/p>\n<p>Al llarg de tot l\u2019any realitzem cursos d\u2019inform\u00e0tica oberts a tothom. La primera quinzena de setembre estan obertes les inscripcions per informar-se dels horaris i preus. La formaci\u00f3 est\u00e0 adre\u00e7ada a diferents col\u00b7lectius: dones, joves, gent gran, emprenedors, empresaris i ciutadania en general. Els continguts dels cursos es basen en els temaris de l\u2019ACTIC (acreditaci\u00f3 de compet\u00e8ncies en tecnologies de la informaci\u00f3 i la comunicaci\u00f3) de la Generalitat de Catalunya.<\/p>\n<p>&nbsp;<\/p>\n<p><strong>FORMACI\u00d3 ACTIC<\/strong><\/p>\n<p>Tots els anys, des del mes de gener i fins al mes de maig, s\u2019ofereix als alumnes de 1r i 2n de Batxillerat de l\u2019Institut les Planes la formaci\u00f3 ACTIC. Els alumnes que aix\u00ed ho volen, poden assistir a la formaci\u00f3 per la preparaci\u00f3 del nivell 2, certificat mitj\u00e0, de l\u2019ACTIC.<\/p>\n<p><strong>\u00a0<\/strong><\/p>\n<p><strong>EX\u00c0MENS ACTIC<\/strong><\/p>\n<p>Tots els dijous a les 10 del mat\u00ed, a l\u2019aula de formaci\u00f3, es realitzen les proves per l\u2019obtenci\u00f3 del certificat ACTIC. L\u2019ACTIC permet a qualsevol persona de m\u00e9s de 16 anys demostrar les seves compet\u00e8ncies en TIC mitjan\u00e7ant una prova per ordinador. La prova \u00e9s telem\u00e0tica, encara que s\u2019ha de fer en un centre col\u00b7laborador autoritzat per la Generalitat, com \u00e9s en aquest cas, l\u2019Smartcentre. Les persones que superen satisfact\u00f2riament la prova obtenen un certificat (b\u00e0sic, mitj\u00e0 o avan\u00e7at) que emet la Generalitat, i que els possibilita acreditar un determinat nivell (1, 2 o 3, respectivament) de compet\u00e8ncies en TIC davant de qualsevol empresa o administraci\u00f3.<\/p>\n<p><strong><em>\u00a0<\/em><\/strong><\/p>\n<h2><span style=\"color: #00ff00;\"><strong>ALTRES<\/strong><\/span><\/h2>\n<p><strong>COWORKING<\/strong><\/p>\n<p>De dilluns a divendres, de 10 a 13.30 hores, est\u00e0 obert l\u2019espai de coworking de l\u2019Smartcentre. El co-treball (coworking) \u00e9s una manera de treballar que permet que varis professionals independents de diversos sectors comparteixin una mateixa oficina o un mateix espai on es fomenta la col\u00b7laboraci\u00f3, el treball en un espai comunitari i multidisciplinari i el networking. Aquesta f\u00f3rmula permet facilitar un espai per tal que joves i emprenedors tinguin un lloc on treballar i portar a terme les seves iniciatives per un preu molt assequible.<\/p>\n<p>&nbsp;<\/p>\n<p><strong>INSERCI\u00d3 LABORAL I REEMPR\u00c8N<\/strong><\/p>\n<p>Tots els dilluns i divendres de 9 a 13.30 hores, es realitzen activitats de suport i formaci\u00f3 per a persones en situaci\u00f3 d\u2019atur amb el fi de trobar una nova ocupaci\u00f3. Es tracta de realitzar activitats que millorin l\u2019actuaci\u00f3 curricular, la recerca de feina, la creaci\u00f3 d\u2019una carta de presentaci\u00f3, la preparaci\u00f3 d\u2019una entrevista de feina o l\u2019\u00fas de les TIC.<\/p>\n<p>&nbsp;<\/p>\n<p><strong>BIBLIOPISCINA<\/strong><\/p>\n<p>Durant l\u2019estiu, a les piscines municipals, de dilluns a diumenge i en horari de piscines, l\u2019Smartcentre posa a disposici\u00f3 dels usuaris de les piscines un lots formats per documents de diferent tipologia, tant d\u2019adults com infantils, ja que l\u2019objectiu primordial \u00e9s apropar la biblioteca als usuaris en particular i als habitants de la poblaci\u00f3 en general. Els serveis que s\u2019ofereixen a la bibliopiscina s\u00f3n d\u2019informaci\u00f3, consulta i pr\u00e9stec de documents.<\/p>\n<p>&nbsp;<\/p>\n<p><strong>CONCURS IMATGE DIGITAL<\/strong><\/p>\n<p>El concurs pret\u00e9n apropar i donar a con\u00e8ixer la nostra poblaci\u00f3, tant per la riquesa natural, arquitect\u00f2nica com personal. La participaci\u00f3 \u00e9s gratu\u00efta i oberta a tothom. Pot presentar imatges al concurs qualsevol persona. S\u2019acceptaran collages, muntatges, fotografies pintades o manipulades digitalment de manera que s\u2019alteri el contingut de les imatges. Cada any cal consultar les bases que es fan p\u00fabliques durant el mes de mar\u00e7.<\/p>\n<p>&nbsp;<\/p>\n<p><strong>VISITES ESCOLARS<\/strong><\/p>\n<p>Visites adre\u00e7ades als centres educatius, entitats, organismes, persones adultes i infantils que vulguin con\u00e8ixer l\u2019Smartcentre, les seves depend\u00e8ncies, els seus fons, els seus serveis i les seves possibilitats, a trav\u00e9s d\u2019un itinerari dinamitzat. Cal reservar pr\u00e8viament per realitzar la visita.<\/p>\n<p>&nbsp;<\/p>\n<p><strong>BIBLIO DIGITAL<\/strong><\/p>\n<p>Tots els dimarts, de 17.30 a 19 hores, l\u2019Smartcentre es posa disposici\u00f3 dels usuaris per tal d\u2019assessora-los, orientar-los i ensenyar-los a utilitzar el servei de pr\u00e9stec gratu\u00eft de llibres electr\u00f2nics de les biblioteques p\u00fabliques.<\/p>\n<p>&nbsp;<\/p>\n","protected":false},"excerpt":{"rendered":"<p>T&#8217;OFERIM: ACTIVITATS INFANTILS I JUVENILS ACTIVITATS EXTRAESCOLARS D\u2019INFORM\u00c0TICA I ROB\u00d2TICA En col\u00b7laboraci\u00f3 amb l\u2019AFA de l\u2019Escola Jaume Balmes de Santa B\u00e0rbara, realitzem, com a activitat extraescolar, classes d\u2019inform\u00e0tica, on els alumnes de l\u2019escola hi poden participar per iniciar-se en l\u2019aprenentatge i el bon \u00fas de les noves tecnologies. L\u2019activitat es porta a terme a l\u2019aula [&hellip;]<\/p>\n","protected":false},"author":1,"featured_media":0,"parent":0,"menu_order":0,"comment_status":"closed","ping_status":"closed","template":"","meta":{"footnotes":""},"class_list":["post-44","page","type-page","status-publish","hentry"],"_links":{"self":[{"href":"http:\/\/www.smartcentre.cat\/index.php?rest_route=\/wp\/v2\/pages\/44","targetHints":{"allow":["GET"]}}],"collection":[{"href":"http:\/\/www.smartcentre.cat\/index.php?rest_route=\/wp\/v2\/pages"}],"about":[{"href":"http:\/\/www.smartcentre.cat\/index.php?rest_route=\/wp\/v2\/types\/page"}],"author":[{"embeddable":true,"href":"http:\/\/www.smartcentre.cat\/index.php?rest_route=\/wp\/v2\/users\/1"}],"replies":[{"embeddable":true,"href":"http:\/\/www.smartcentre.cat\/index.php?rest_route=%2Fwp%2Fv2%2Fcomments&post=44"}],"version-history":[{"count":74,"href":"http:\/\/www.smartcentre.cat\/index.php?rest_route=\/wp\/v2\/pages\/44\/revisions"}],"predecessor-version":[{"id":2219,"href":"http:\/\/www.smartcentre.cat\/index.php?rest_route=\/wp\/v2\/pages\/44\/revisions\/2219"}],"wp:attachment":[{"href":"http:\/\/www.smartcentre.cat\/index.php?rest_route=%2Fwp%2Fv2%2Fmedia&parent=44"}],"curies":[{"name":"wp","href":"https:\/\/api.w.org\/{rel}","templated":true}]}}